{"id":6971,"date":"2024-08-31T11:03:38","date_gmt":"2024-08-31T08:03:38","guid":{"rendered":"https:\/\/fotografiska.ee\/?page_id=6971"},"modified":"2024-09-12T22:51:02","modified_gmt":"2024-09-12T19:51:02","slug":"denisse-ariana-perez-fi","status":"publish","type":"page","link":"https:\/\/www.fotografiska.ee\/sv\/denisse-ariana-perez-fi\/","title":{"rendered":"Denisse Ariana P\u00e9rez-FI"},"content":{"rendered":"<p><strong>Denisse Ariana P\u00e9rez<\/strong><\/p>\n\n\n\n<p>synt. 1988, Dominikaaninen tasavalta<br><br><\/p>\n\n\n\n<p>Denisse Ariana P\u00e9rez on Karibialla syntynyt monialainen mainostaiteilija, joka ty\u00f6skentelee valokuvaajana, ohjaajana ja copywriterina. H\u00e4nen ty\u00f6ns\u00e4 keskittyv\u00e4t ihmisiin, luontoon, sukupuoleen, kulttuuriin ja sanoihin, sek\u00e4 niiden v\u00e4liseen vuorovaikutukseen. Ne l\u00f6yt\u00e4v\u00e4t itsens\u00e4 fantasian ja todellisuuden, taiteen sek\u00e4 sosiaalisen kommentaarin leikkauspisteest\u00e4.<\/p>\n\n\n\n<p>Mustaa identiteetti\u00e4 on vaikea tiivist\u00e4\u00e4. Sill\u00e4 on monia merkityksi\u00e4, nyansseja ja s\u00e4vyj\u00e4. Musta identiteetti on sisimm\u00e4lt\u00e4\u00e4n runollinen ja diasporassa el\u00e4v\u00e4. Se liikkuu ja muuttuu jatkuvasti, eik\u00e4 koskaan pysy samana tai yksipuolisena. Vartuin tiloissa, joissa mustia kehoja ei pidetty kauniina tai huomion arvoisina \u2013 ty\u00f6ni kapinoi my\u00f6s t\u00e4t\u00e4 vastaan. <em>A Poetic Lesson on Black Anatomy<\/em> pyrkii toimimaan mustan kehon uutena sanastona runollisen kuvaston sek\u00e4 sanojen kautta. Se on kutsu itsetutkiskeluun ja itsem\u00e4\u00e4r\u00e4ytyvyyteen \u2013 ja valtava loikka ajoista, jolloin mustat kehot asetettiin jalustoille kolonialistisen katseen tarkasteltaviksi, kokeiltaviksi ja analysoitaviksi. Filmi on itsem\u00e4\u00e4r\u00e4ytyvyydest\u00e4 kumpuava anatominen tutkielma, jonka kohteet voimaantuvat tutkimaan ja pohdiskelemaan kehojaan. T\u00e4m\u00e4 kokonaisuus on oodi mustalle identiteetille ja erityisesti mustalle anatomialle. Mustat kehot ovat omaksuneet monia malleja, s\u00e4vyj\u00e4 ja muotoja, mutta ne kaikki jakavat myyttisen, esi-ik\u00e4isen runouden. L\u00e4pi nykyhistorian mustat kehot on minimoitu stereotyypeiksi, mutta ne ovat paljon pinnallisia yleistyksi\u00e4 moninaisempia. <em>A Poetic Lesson on Black Anatomy <\/em>on kunnianosoitus niiden monitahoisuudelle ja monisyisyydelle, sill\u00e4 mitk\u00e4\u00e4n kaksi mustaa kehoa eiv\u00e4t jaa samoja kokemuksia tai ulkon\u00e4k\u00f6\u00e4. T\u00e4m\u00e4 projekti on kutsu juhlimaan kaikkea, mit\u00e4 musta keho on ja mit\u00e4 se voi olla.<\/p>\n\n\n\n<p><br>A Poetic Lesson on Black Anatomy, toistuva video, 2023<\/p>","protected":false},"excerpt":{"rendered":"<p>Denisse Ariana P\u00e9rez synt. 1988, Dominikaaninen tasavalta Denisse Ariana P\u00e9rez on Karibialla syntynyt monialainen mainostaiteilija, joka ty\u00f6skentelee valokuvaajana, ohjaajana ja copywriterina. H\u00e4nen ty\u00f6ns\u00e4 keskittyv\u00e4t ihmisiin, luontoon, sukupuoleen, kulttuuriin ja sanoihin, sek\u00e4 niiden v\u00e4liseen vuorovaikutukseen. Ne l\u00f6yt\u00e4v\u00e4t itsens\u00e4 fantasian ja todellisuuden, taiteen sek\u00e4 sosiaalisen kommentaarin leikkauspisteest\u00e4. Mustaa identiteetti\u00e4 on vaikea tiivist\u00e4\u00e4. Sill\u00e4 on monia merkityksi\u00e4, nyansseja [&hellip;]<\/p>","protected":false},"author":1,"featured_media":0,"parent":0,"menu_order":0,"comment_status":"closed","ping_status":"closed","template":"","meta":{"inline_featured_image":false,"footnotes":""},"class_list":["post-6971","page","type-page","status-publish","hentry"],"acf":[],"_links":{"self":[{"href":"https:\/\/www.fotografiska.ee\/sv\/wp-json\/wp\/v2\/pages\/6971"}],"collection":[{"href":"https:\/\/www.fotografiska.ee\/sv\/wp-json\/wp\/v2\/pages"}],"about":[{"href":"https:\/\/www.fotografiska.ee\/sv\/wp-json\/wp\/v2\/types\/page"}],"author":[{"embeddable":true,"href":"https:\/\/www.fotografiska.ee\/sv\/wp-json\/wp\/v2\/users\/1"}],"replies":[{"embeddable":true,"href":"https:\/\/www.fotografiska.ee\/sv\/wp-json\/wp\/v2\/comments?post=6971"}],"version-history":[{"count":2,"href":"https:\/\/www.fotografiska.ee\/sv\/wp-json\/wp\/v2\/pages\/6971\/revisions"}],"predecessor-version":[{"id":7077,"href":"https:\/\/www.fotografiska.ee\/sv\/wp-json\/wp\/v2\/pages\/6971\/revisions\/7077"}],"wp:attachment":[{"href":"https:\/\/www.fotografiska.ee\/sv\/wp-json\/wp\/v2\/media?parent=6971"}],"curies":[{"name":"wp","href":"https:\/\/api.w.org\/{rel}","templated":true}]}}