{"id":7389,"date":"2025-03-12T15:10:40","date_gmt":"2025-03-12T13:10:40","guid":{"rendered":"https:\/\/www.fotografiska.ee\/?page_id=7389"},"modified":"2025-03-12T15:10:42","modified_gmt":"2025-03-12T13:10:42","slug":"elliot-koirat-fi","status":"publish","type":"page","link":"https:\/\/www.fotografiska.ee\/fi\/elliot-koirat-fi\/","title":{"rendered":"elliot-Koirat-fi"},"content":{"rendered":"<p>\u201dHaukun koirille. Siksi kuvani pikkukoira on pompannut ilmaan. Monet ovat kyselleet minulta asiasta. No, min\u00e4 haukuin sille. Se pomppasi. Min\u00e4 haukuin. Se pomppasi\u2026 Kerran er\u00e4\u00e4ll\u00e4 kapealla kadulla Kiotossa k\u00e4velin muuan naisen per\u00e4ss\u00e4. Nainen talutti j\u00e4nn\u00e4nn\u00e4k\u00f6ist\u00e4 koiraa. Haukahdin kokeeksi. Samassa nainen k\u00e4\u00e4nn\u00e4hti ymp\u00e4ri ja potkaisi koiraansa. Koira oli ymm\u00e4ll\u00e4\u00e4n. Meill\u00e4 oli ilmeisesti samanlainen haukku.<\/p>\n\n\n\n<p>Ensimm\u00e4isen julkaistun koirakuvani otin vuonna 1946. En muista kuvausolosuhteita enk\u00e4 sit\u00e4k\u00e4\u00e4n, mit\u00e4 kuvaustilanteessa ajattelin. Tuskinpa mit\u00e4\u00e4n erityist\u00e4. Koira vain oli merkillisen n\u00e4k\u00f6inen. Tuon tuosta selailen pinnakkaisiani ja katselen, mit\u00e4 niiss\u00e4 on. Kerran panin merkille, ett\u00e4 niiss\u00e4 oli paljon koiria, ja siit\u00e4 t\u00e4m\u00e4 koira-aihe alkoi kehkeyty\u00e4. Ensimm\u00e4isi\u00e4 koiriin liittyvi\u00e4 toimeksiantojani oli New York Times Sunday Magazine -lehden muotinumeroon tehty juttu naisten kengist\u00e4. Kuvasin keng\u00e4t koiran n\u00e4k\u00f6kulmasta, koska koirat n\u00e4kev\u00e4t enemm\u00e4n kenki\u00e4 kuin muut.<\/p>\n\n\n\n<p>Koirakuvat toimivat kahdella tasolla. Joissain tietyiss\u00e4 tilanteissa koirat vain ovat hassuja. Jotkut pit\u00e4v\u00e4tkin kuvistani vain siksi, ett\u00e4 he pit\u00e4v\u00e4t koirista. Koirilla on inhimillisi\u00e4 ominaisuuksia, ja uskon, ett\u00e4 kuvani vetoavat ihmisiin my\u00f6s samastuttavuuden takia. Syvimm\u00e4lt\u00e4 olemukseltaan koirakuvat eiv\u00e4t olekaan kuvia koirista. Tai min\u00e4 ainakin toivon, ett\u00e4 ne viestiv\u00e4t jotain ihmisyydest\u00e4. Mutta ihmiset voivat katsoa kuviani miten itse haluavat.<\/p>\n\n\n\n<p>Mist\u00e4 tahansa syyst\u00e4 kuvistani pidet\u00e4\u00e4nkin, niin se sopii minulle.\u201d<\/p>\n\n\n\n<p>Teksti on lainaus Elliott Erwittin kirjan Personal Exposures (1988) johdantoluvusta Dedication.<\/p>","protected":false},"excerpt":{"rendered":"<p>\u201dHaukun koirille. Siksi kuvani pikkukoira on pompannut ilmaan. Monet ovat kyselleet minulta asiasta. No, min\u00e4 haukuin sille. Se pomppasi. Min\u00e4 haukuin. Se pomppasi\u2026 Kerran er\u00e4\u00e4ll\u00e4 kapealla kadulla Kiotossa k\u00e4velin muuan naisen per\u00e4ss\u00e4. Nainen talutti j\u00e4nn\u00e4nn\u00e4k\u00f6ist\u00e4 koiraa. Haukahdin kokeeksi. Samassa nainen k\u00e4\u00e4nn\u00e4hti ymp\u00e4ri ja potkaisi koiraansa. Koira oli ymm\u00e4ll\u00e4\u00e4n. Meill\u00e4 oli ilmeisesti samanlainen haukku. Ensimm\u00e4isen julkaistun [&hellip;]<\/p>","protected":false},"author":1,"featured_media":0,"parent":0,"menu_order":0,"comment_status":"closed","ping_status":"closed","template":"","meta":{"inline_featured_image":false,"footnotes":""},"class_list":["post-7389","page","type-page","status-publish","hentry"],"acf":[],"_links":{"self":[{"href":"https:\/\/www.fotografiska.ee\/fi\/wp-json\/wp\/v2\/pages\/7389"}],"collection":[{"href":"https:\/\/www.fotografiska.ee\/fi\/wp-json\/wp\/v2\/pages"}],"about":[{"href":"https:\/\/www.fotografiska.ee\/fi\/wp-json\/wp\/v2\/types\/page"}],"author":[{"embeddable":true,"href":"https:\/\/www.fotografiska.ee\/fi\/wp-json\/wp\/v2\/users\/1"}],"replies":[{"embeddable":true,"href":"https:\/\/www.fotografiska.ee\/fi\/wp-json\/wp\/v2\/comments?post=7389"}],"version-history":[{"count":1,"href":"https:\/\/www.fotografiska.ee\/fi\/wp-json\/wp\/v2\/pages\/7389\/revisions"}],"predecessor-version":[{"id":7390,"href":"https:\/\/www.fotografiska.ee\/fi\/wp-json\/wp\/v2\/pages\/7389\/revisions\/7390"}],"wp:attachment":[{"href":"https:\/\/www.fotografiska.ee\/fi\/wp-json\/wp\/v2\/media?parent=7389"}],"curies":[{"name":"wp","href":"https:\/\/api.w.org\/{rel}","templated":true}]}}