{"id":7387,"date":"2025-03-12T15:09:42","date_gmt":"2025-03-12T13:09:42","guid":{"rendered":"https:\/\/www.fotografiska.ee\/?page_id=7387"},"modified":"2025-03-12T15:09:43","modified_gmt":"2025-03-12T13:09:43","slug":"elliot-henkiloita-fi","status":"publish","type":"page","link":"https:\/\/www.fotografiska.ee\/fi\/elliot-henkiloita-fi\/","title":{"rendered":"elliot-Henkil\u00f6it\u00e4-fi"},"content":{"rendered":"<p>\u201dMinusta tuli valokuvaaja osittain ujouteni ansiosta. Lukiossa huomasin, ett\u00e4 kameran kanssa voi p\u00e4\u00e4st\u00e4 paikkoihin, jonne ei oikeastaan kuulu. Siihen aikaan sellaisia olivat koulun p\u00e4\u00e4tt\u00e4j\u00e4isjuhlat, nykyisin taas Valkoisen talon tai Kremlin takahuoneet.<\/p>\n\n\n\n<p>Pierre Salinger ja min\u00e4 olimme olleet kuvaaja-toimittaja-ty\u00f6pari Collier\u2019s-lehdess\u00e4. Kun Salingerist\u00e4 tuli John F. Kennedyn lehdist\u00f6sihteeri, h\u00e4n sai hankittua minulle Valkoisen talon lehdist\u00f6kortin, vaikka en asunut Washingtonissa \u2013 mik\u00e4 tiett\u00e4v\u00e4sti oli lehdist\u00f6kortin saamisen ehto \u2013 ja min\u00e4 vierailin Valkoisessa talossa usein erilaisissa journalistisissa teht\u00e4viss\u00e4. Presidentti Kennedyn murhan j\u00e4lkeen k\u00e4ytin t\u00e4t\u00e4 vanhaa etuoikeuttani en\u00e4\u00e4 harvoin.\u201d<\/p>\n\n\n\n<p>Teksti on lainaus Elliott Erwittin kirjan Personal Exposures (1988) johdantoluvusta Dedication.<\/p>\n\n\n\n<p>Osion sitaatti<\/p>\n\n\n\n<p>\u201dMaisemat eiv\u00e4t kiinnosta minua. Ainoastaan ihmiset kiinnostavat.\u201d<\/p>","protected":false},"excerpt":{"rendered":"<p>\u201dMinusta tuli valokuvaaja osittain ujouteni ansiosta. Lukiossa huomasin, ett\u00e4 kameran kanssa voi p\u00e4\u00e4st\u00e4 paikkoihin, jonne ei oikeastaan kuulu. Siihen aikaan sellaisia olivat koulun p\u00e4\u00e4tt\u00e4j\u00e4isjuhlat, nykyisin taas Valkoisen talon tai Kremlin takahuoneet. Pierre Salinger ja min\u00e4 olimme olleet kuvaaja-toimittaja-ty\u00f6pari Collier\u2019s-lehdess\u00e4. Kun Salingerist\u00e4 tuli John F. Kennedyn lehdist\u00f6sihteeri, h\u00e4n sai hankittua minulle Valkoisen talon lehdist\u00f6kortin, vaikka en [&hellip;]<\/p>","protected":false},"author":1,"featured_media":0,"parent":0,"menu_order":0,"comment_status":"closed","ping_status":"closed","template":"","meta":{"inline_featured_image":false,"footnotes":""},"class_list":["post-7387","page","type-page","status-publish","hentry"],"acf":[],"_links":{"self":[{"href":"https:\/\/www.fotografiska.ee\/fi\/wp-json\/wp\/v2\/pages\/7387"}],"collection":[{"href":"https:\/\/www.fotografiska.ee\/fi\/wp-json\/wp\/v2\/pages"}],"about":[{"href":"https:\/\/www.fotografiska.ee\/fi\/wp-json\/wp\/v2\/types\/page"}],"author":[{"embeddable":true,"href":"https:\/\/www.fotografiska.ee\/fi\/wp-json\/wp\/v2\/users\/1"}],"replies":[{"embeddable":true,"href":"https:\/\/www.fotografiska.ee\/fi\/wp-json\/wp\/v2\/comments?post=7387"}],"version-history":[{"count":1,"href":"https:\/\/www.fotografiska.ee\/fi\/wp-json\/wp\/v2\/pages\/7387\/revisions"}],"predecessor-version":[{"id":7388,"href":"https:\/\/www.fotografiska.ee\/fi\/wp-json\/wp\/v2\/pages\/7387\/revisions\/7388"}],"wp:attachment":[{"href":"https:\/\/www.fotografiska.ee\/fi\/wp-json\/wp\/v2\/media?parent=7387"}],"curies":[{"name":"wp","href":"https:\/\/api.w.org\/{rel}","templated":true}]}}