{"id":7149,"date":"2024-10-23T08:36:24","date_gmt":"2024-10-23T05:36:24","guid":{"rendered":"https:\/\/fotografiska.ee\/?page_id=7149"},"modified":"2024-10-23T08:36:25","modified_gmt":"2024-10-23T05:36:25","slug":"shepard-fairey-curation-text-fi","status":"publish","type":"page","link":"https:\/\/www.fotografiska.ee\/en\/shepard-fairey-curation-text-fi\/","title":{"rendered":"SHEPARD FAIREY curation text FI"},"content":{"rendered":"<p><strong>N\u00e4yttelyn kuraattoreilta<\/strong><\/p>\n\n\n\n<p>Tervetuloa Fotosynteesi-n\u00e4yttelyyn tutustumaan nykytaiteilijan ja aktivistin Shepard Faireyn kiehtovaan maailmaan! Faireyn taide rikkoo totunnaisen katutaiteen rajoja, sill\u00e4 se on tulvillaan viittauksia aktivismiin ja yhteiskuntakritiikkiin.<\/p>\n\n\n\n<p>N\u00e4yttelyss\u00e4 n\u00e4hd\u00e4\u00e4n Faireyn ikonisimpia teoksia aina kuuluisasta <em>Andre the Giant Has a Posse<\/em> -tarrasta maailmankuuluun <em>OBEY GIANT<\/em> -kampanjaan ja <em>Hope<\/em>-julisteisiin. Kaikissa Faireyn t\u00f6iss\u00e4 n\u00e4kyy h\u00e4nen m\u00e4\u00e4r\u00e4tietoinen pyrkimyksens\u00e4 kyseenalaistaa auktoriteetteja ja yhteiskunnan normeja. N\u00e4yttely valottaa Faireyn taiteellisen ilmaisun kehittymist\u00e4 ja kutsuu katsojan matkalle h\u00e4nen uransa eri vaiheisiin. Esill\u00e4 on teoksia varhaisista liister\u00f6intitekniikalla tehdyist\u00e4 kokeiluista my\u00f6hempiin mestarillisiin silkkipainot\u00f6ihin ja digitaalisiin kollaaseihin. Kaikissa teoksissa on vaikutteita valokuvasta. N\u00e4yttelyst\u00e4 ilmenee Faireyn tekninen taidokkuus sek\u00e4 se, ett\u00e4 tietyt aiheet toistuvat l\u00e4pi h\u00e4nen tuotantonsa ilmaisuv\u00e4lineest\u00e4 riippumatta.<\/p>\n\n\n\n<p>Shepard Fairey on kulttuuriprovokaattori, joka tekee yhteisty\u00f6t\u00e4 muusikoiden, elokuvantekij\u00f6iden ja aktivistien kanssa, ja h\u00e4nen taiteensa on erottamaton osa popkulttuuria. Nykyisess\u00e4 pirstaloituneessa maailmassa Faireyn taide on ajankohtaisempaa kuin koskaan, sill\u00e4 se her\u00e4tt\u00e4\u00e4 keskustelua t\u00e4rkeist\u00e4 aiheista ja kannustaa muutokseen.<\/p>\n\n\n\n<p>Fotosynteesi-n\u00e4yttelyn ovat kuratoineet Fotografiskan n\u00e4yttelytuottajat Thomas Sch\u00e4fer ja Mohamed Mire, Fotografiskan kansainv\u00e4listen n\u00e4yttelyiden p\u00e4\u00e4llikk\u00f6 Johan Vikner ja Tallinnan Fotografiskan n\u00e4yttelyp\u00e4\u00e4llikk\u00f6 Maarja Loorents yhdess\u00e4 paikallisen n\u00e4yttelytiimin ja taiteilija Shepard Faireyn kanssa.<\/p>","protected":false},"excerpt":{"rendered":"<p>N\u00e4yttelyn kuraattoreilta Tervetuloa Fotosynteesi-n\u00e4yttelyyn tutustumaan nykytaiteilijan ja aktivistin Shepard Faireyn kiehtovaan maailmaan! Faireyn taide rikkoo totunnaisen katutaiteen rajoja, sill\u00e4 se on tulvillaan viittauksia aktivismiin ja yhteiskuntakritiikkiin. N\u00e4yttelyss\u00e4 n\u00e4hd\u00e4\u00e4n Faireyn ikonisimpia teoksia aina kuuluisasta Andre the Giant Has a Posse -tarrasta maailmankuuluun OBEY GIANT -kampanjaan ja Hope-julisteisiin. Kaikissa Faireyn t\u00f6iss\u00e4 n\u00e4kyy h\u00e4nen m\u00e4\u00e4r\u00e4tietoinen pyrkimyksens\u00e4 kyseenalaistaa auktoriteetteja [&hellip;]<\/p>","protected":false},"author":1,"featured_media":0,"parent":0,"menu_order":0,"comment_status":"closed","ping_status":"closed","template":"","meta":{"inline_featured_image":false,"footnotes":""},"class_list":["post-7149","page","type-page","status-publish","hentry"],"acf":[],"_links":{"self":[{"href":"https:\/\/www.fotografiska.ee\/en\/wp-json\/wp\/v2\/pages\/7149"}],"collection":[{"href":"https:\/\/www.fotografiska.ee\/en\/wp-json\/wp\/v2\/pages"}],"about":[{"href":"https:\/\/www.fotografiska.ee\/en\/wp-json\/wp\/v2\/types\/page"}],"author":[{"embeddable":true,"href":"https:\/\/www.fotografiska.ee\/en\/wp-json\/wp\/v2\/users\/1"}],"replies":[{"embeddable":true,"href":"https:\/\/www.fotografiska.ee\/en\/wp-json\/wp\/v2\/comments?post=7149"}],"version-history":[{"count":1,"href":"https:\/\/www.fotografiska.ee\/en\/wp-json\/wp\/v2\/pages\/7149\/revisions"}],"predecessor-version":[{"id":7150,"href":"https:\/\/www.fotografiska.ee\/en\/wp-json\/wp\/v2\/pages\/7149\/revisions\/7150"}],"wp:attachment":[{"href":"https:\/\/www.fotografiska.ee\/en\/wp-json\/wp\/v2\/media?parent=7149"}],"curies":[{"name":"wp","href":"https:\/\/api.w.org\/{rel}","templated":true}]}}